{"id":1740,"date":"2026-04-12T19:39:03","date_gmt":"2026-04-12T17:39:03","guid":{"rendered":"https:\/\/sohonet.be\/wp-content\/wp-staging-sites\/grissom\/medias-actualite\/"},"modified":"2026-08-19T11:56:04","modified_gmt":"2026-08-19T09:56:04","slug":"medias-actualite","status":"publish","type":"page","link":"https:\/\/sohonet.be\/en\/medias-actualite\/","title":{"rendered":"Medias &#038; News"},"content":{"rendered":"\n<div class=\"wp-block-group alignfull has-background-background-color has-background is-layout-flow wp-block-group-is-layout-flow\">\n<div style=\"height:70px\" aria-hidden=\"true\" class=\"wp-block-spacer\"><\/div>\n\n\n\n<div class=\"wp-block-columns alignwide are-vertically-aligned-center is-layout-flex wp-container-core-columns-is-layout-930feb06 wp-block-columns-is-layout-flex\">\n<div class=\"wp-block-column is-layout-flow wp-block-column-is-layout-flow\" style=\"flex-basis:50%\">\n<p class=\"has-text-align-left has-text-color has-big-font-size wp-block-paragraph\" style=\"color:#ea5b3a;padding-right:var(--wp--preset--spacing--70);padding-left:var(--wp--preset--spacing--70);line-height:1.1\"><strong><strong>Publications SoHoNet <\/strong><\/strong><\/p>\n<\/div>\n\n\n\n<div class=\"wp-block-column is-layout-flow wp-block-column-is-layout-flow\" style=\"flex-basis:50%\">\n<hr class=\"wp-block-separator has-text-color has-css-opacity has-background is-style-wide\" style=\"background-color:#000000;color:#000000\"\/>\n<\/div>\n<\/div>\n\n\n\n<div style=\"height:32px\" aria-hidden=\"true\" class=\"wp-block-spacer\"><\/div>\n\n\n\n<div class=\"wp-block-columns alignwide is-layout-flex wp-container-core-columns-is-layout-930feb06 wp-block-columns-is-layout-flex\">\n<div class=\"wp-block-column is-layout-flow wp-block-column-is-layout-flow\">\n<figure class=\"wp-block-image size-full is-resized\"><img alt=\"\" fetchpriority=\"high\" decoding=\"async\" width=\"870\" height=\"846\" src=\"https:\/\/sohonet.be\/wp-content\/uploads\/2026\/05\/Image1.jpg\" alt=\"\" class=\"wp-image-2633\" style=\"aspect-ratio:1.0283758145673514;width:415px;height:auto\" srcset=\"https:\/\/sohonet.be\/wp-content\/uploads\/2026\/05\/Image1.jpg 870w, https:\/\/sohonet.be\/wp-content\/uploads\/2026\/05\/Image1-300x292.jpg 300w, https:\/\/sohonet.be\/wp-content\/uploads\/2026\/05\/Image1-768x747.jpg 768w\" sizes=\"(max-width: 870px) 100vw, 870px\" \/><\/figure>\n<\/div>\n\n\n\n<div class=\"wp-block-column has-secondary-color has-text-color has-link-color wp-elements-1 is-layout-flow wp-block-column-is-layout-flow\" style=\"padding-right:var(--wp--preset--spacing--40);padding-left:var(--wp--preset--spacing--40)\">\n<p class=\"has-text-color has-link-color wp-elements-2 wp-block-paragraph\" style=\"color:#646363\"><a href=\"https:\/\/sohonet.be\/wp-content\/uploads\/2026\/06\/Des-aides-publiques-a-la-hauteur-des-enjeux-de-renovation-a-Bruxelles-Finale.pdf\" data-type=\"link\" data-id=\"https:\/\/sohonet.be\/wp-content\/uploads\/2026\/06\/Des-aides-publiques-a-la-hauteur-des-enjeux-de-renovation-a-Bruxelles-Finale.pdf\">Des aides publiques \u00e0 la hauteur des enjeux de r\u00e9novation \u00e0 Bruxelles<\/a> (March 2026)<\/p>\n\n\n\n<p class=\"has-text-color has-link-color has-regular-font-size wp-elements-3 wp-block-paragraph\" style=\"color:#646363\"><a href=\"https:\/\/sohonet.be\/wp-content\/uploads\/2024\/06\/20240626_-Note_Social-_Reno_Deal_Final.pdf\">Note de cadrage Social _Reno_Deal <\/a>(June 2024)<\/p>\n\n\n\n<p class=\"has-text-color has-link-color has-regular-font-size wp-elements-4 wp-block-paragraph\" style=\"color:#646363\"><a href=\"https:\/\/sohonet.be\/wp-content\/uploads\/2024\/02\/Sohonet-Memorandum2024-BAT-LD-1.pdf\">M\u00e9morandum<\/a>(Edition 2024)<\/p>\n\n\n\n<p class=\"has-text-color has-link-color has-regular-font-size wp-elements-5 wp-block-paragraph\" style=\"color:#646363\"><a href=\"https:\/\/sohonet.be\/wp-content\/uploads\/2025\/01\/Etude-Housing-Deal.pdf\">\u00c9tude Housing Deal<\/a> (2022-2023)<\/p>\n<\/div>\n\n\n\n<div class=\"wp-block-column has-secondary-color has-text-color has-link-color wp-elements-6 is-layout-flow wp-block-column-is-layout-flow\" style=\"padding-right:var(--wp--preset--spacing--40);padding-left:var(--wp--preset--spacing--40)\">\n<p class=\"has-text-color has-link-color wp-elements-7 wp-block-paragraph\" style=\"color:#646363\">Pr\u00e9sentation Housing Deal (2021)<\/p>\n\n\n\n<p class=\"has-text-color has-link-color has-regular-font-size wp-elements-8 wp-block-paragraph\" style=\"color:#646363\"><a href=\"https:\/\/mcusercontent.com\/b4b609ba1ea5f962968b2e44e\/files\/eb68a470-00e5-44ae-8bc4-bf8080a917f1\/2020_12_16_Encadrement_de_la_croissance_des_AIS_carte_blanche_Sohonet.01.pdf\">Carte blanche : Encadrement de la croissance des AIS \u00e0 Bruxelles <\/a>(2020)<\/p>\n\n\n\n<p class=\"has-text-color has-link-color has-regular-font-size wp-elements-9 wp-block-paragraph\" style=\"color:#646363\"><a href=\"https:\/\/drive.google.com\/file\/d\/0B5ymIK_TRta7ZUJ0djZCR3JWd2ZrWC1aa1c4blQwX3JJbnRV\/view\">Portfolio des acteurs bruxellois du logement<\/a> (Edition 2019)<\/p>\n\n\n\n<p class=\"has-text-color has-link-color has-regular-font-size wp-elements-10 wp-block-paragraph\" style=\"color:#646363\"><a href=\"https:\/\/gallery.mailchimp.com\/b4b609ba1ea5f962968b2e44e\/files\/d01e72ad-f492-4565-b593-4386a9dee090\/SOHONET_MEMORANDUM_2019_LivretA5_FR_rvb_WEB_PagesDoubles.pdf\">M\u00e9morandum<\/a> (Edition 2019)<\/p>\n<\/div>\n<\/div>\n\n\n\n<div style=\"height:40px\" aria-hidden=\"true\" class=\"wp-block-spacer\"><\/div>\n<\/div>\n\n\n\n<div class=\"wp-block-group alignfull has-background is-layout-flow wp-block-group-is-layout-flow\" style=\"background-color:#ea5b3a;padding-right:var(--wp--preset--spacing--40);padding-left:var(--wp--preset--spacing--40)\">\n<div style=\"height:70px\" aria-hidden=\"true\" class=\"wp-block-spacer\"><\/div>\n\n\n\n<div class=\"wp-block-columns alignwide are-vertically-aligned-center is-layout-flex wp-container-core-columns-is-layout-930feb06 wp-block-columns-is-layout-flex\">\n<div class=\"wp-block-column is-layout-flow wp-block-column-is-layout-flow\" style=\"flex-basis:50%\">\n<div class=\"wp-block-group is-nowrap is-layout-flex wp-container-core-group-is-layout-930feb06 wp-block-group-is-layout-flex\">\n<p class=\"has-text-align-right has-background-color has-text-color has-big-font-size wp-block-paragraph\" style=\"padding-right:var(--wp--preset--spacing--60);padding-left:var(--wp--preset--spacing--60);line-height:1.1\"><strong><strong><strong><strong>Press<\/strong><\/strong><\/strong><\/strong><\/p>\n<\/div>\n<\/div>\n\n\n\n<div class=\"wp-block-column is-layout-flow wp-block-column-is-layout-flow\"><\/div>\n<\/div>\n\n\n\n<div class=\"wp-block-columns is-layout-flex wp-container-core-columns-is-layout-48231474 wp-block-columns-is-layout-flex\" style=\"padding-right:var(--wp--preset--spacing--40);padding-left:var(--wp--preset--spacing--40)\">\n<div class=\"wp-block-column has-background-background-color has-background is-layout-flow wp-block-column-is-layout-flow\" style=\"border-style:none;border-width:0px;padding-top:var(--wp--preset--spacing--50);padding-right:var(--wp--preset--spacing--30);padding-bottom:var(--wp--preset--spacing--50);padding-left:var(--wp--preset--spacing--30)\">\n<h2 class=\"wp-block-heading has-text-color has-link-color has-moderate-font-size wp-elements-11\" style=\"border-style:none;border-width:0px;border-top-left-radius:0px;border-top-right-radius:0px;border-bottom-left-radius:0px;border-bottom-right-radius:0px;color:#ea5b3a\">Article Trends Tendance &#8216;Les primes \u00e0 la r\u00e9novation de retour d\u00e8s 2027 ? Comment Bruxelles veut tirer profit du Fonds social climat europ\u00e9en&#8217;<\/h2>\n\n\n\n<p class=\"has-text-color has-link-color has-regular-font-size wp-elements-12 wp-block-paragraph\" style=\"color:#646363\">Article published in July 2026<\/p>\n\n\n\n<div class=\"wp-block-buttons is-layout-flex wp-block-buttons-is-layout-flex\">\n<div class=\"wp-block-button is-style-fill\"><a class=\"wp-block-button__link has-background-color has-text-color has-background has-link-color has-border-color wp-element-button\" href=\"https:\/\/sohonet.be\/wp-content\/uploads\/2026\/07\/Les-primes-a-la-renovation-de-retour-des-2027-_-Comment-Bruxelles-veut-tirer-profit-du-Fonds-social-climat-europeen.-Trends-Tendance-07.07.26.pdf\" style=\"border-color:#ea5b3a;background-color:#ea5b3a\"><strong>LIRE L&#8217;ARTICLE<\/strong><\/a><\/div>\n<\/div>\n<\/div>\n\n\n\n<div class=\"wp-block-column has-background-background-color has-background is-layout-flow wp-block-column-is-layout-flow\" style=\"border-style:none;border-width:0px;padding-top:var(--wp--preset--spacing--50);padding-right:var(--wp--preset--spacing--30);padding-bottom:var(--wp--preset--spacing--50);padding-left:var(--wp--preset--spacing--30)\">\n<h2 class=\"wp-block-heading has-text-color has-link-color has-moderate-font-size wp-elements-13\" style=\"border-style:none;border-width:0px;border-top-left-radius:0px;border-top-right-radius:0px;border-bottom-left-radius:0px;border-bottom-right-radius:0px;color:#ea5b3a\"><a href=\"https:\/\/www.lalibre.be\/debats\/opinions\/2025\/07\/31\/le-logement-bruxellois-necessite-une-politique-energetique-plus-sociale-DIMQ7MXR6JHO3KAZV5ZGJMI4XI\/\" target=\"_blank\" rel=\"noreferrer noopener\">Carte blanche La Libre \u2018Le logement bruxellois n\u00e9cessite une politique \u00e9nerg\u00e9tique plus sociale\u2019<\/a> sign\u00e9e par SoHoNet<\/h2>\n\n\n\n<p class=\"has-text-color has-link-color has-regular-font-size wp-elements-14 wp-block-paragraph\" style=\"color:#646363\">Article published in July 2025<\/p>\n\n\n\n<div class=\"wp-block-buttons is-layout-flex wp-block-buttons-is-layout-flex\">\n<div class=\"wp-block-button is-style-fill\"><a class=\"wp-block-button__link has-background-color has-text-color has-background has-link-color has-border-color wp-element-button\" href=\"https:\/\/www.lalibre.be\/debats\/opinions\/2025\/07\/31\/le-logement-bruxellois-necessite-une-politique-energetique-plus-sociale-DIMQ7MXR6JHO3KAZV5ZGJMI4XI\/\" style=\"border-color:#ea5b3a;background-color:#ea5b3a\" target=\"_blank\" rel=\"noreferrer noopener\"><strong>Read more<\/strong><\/a><\/div>\n<\/div>\n<\/div>\n\n\n\n<div class=\"wp-block-column has-background-background-color has-background is-layout-flow wp-block-column-is-layout-flow\" style=\"padding-top:var(--wp--preset--spacing--50);padding-right:var(--wp--preset--spacing--30);padding-bottom:var(--wp--preset--spacing--50);padding-left:var(--wp--preset--spacing--30)\">\n<h2 class=\"wp-block-heading has-text-color has-link-color has-moderate-font-size wp-elements-15\" style=\"border-style:none;border-width:0px;border-top-left-radius:0px;border-top-right-radius:0px;border-bottom-left-radius:0px;border-bottom-right-radius:0px;color:#ea5b3a\"><a href=\"https:\/\/mcusercontent.com\/1f42eb95203d6da046cbbf162\/files\/f5edf4b9-e278-52e2-66b2-acccd5c18314\/Article_LeSoirImmoSoHoNet_1_.pdf\" target=\"_blank\" rel=\"noreferrer noopener\">L\u2019entretien \u2018Il faut r\u00e9nover et augmenter la production de logements abordables \u00e0 Bruxelles\u2019 Le Soir Immo<\/a><strong> <\/strong><\/h2>\n\n\n\n<p class=\"has-text-color has-link-color has-regular-font-size wp-elements-16 wp-block-paragraph\" style=\"color:#646363\">Article published in June 2025<\/p>\n\n\n\n<div class=\"wp-block-buttons is-layout-flex wp-block-buttons-is-layout-flex\">\n<div class=\"wp-block-button is-style-fill\"><a class=\"wp-block-button__link has-background-color has-text-color has-background has-link-color has-border-color wp-element-button\" href=\"https:\/\/mcusercontent.com\/1f42eb95203d6da046cbbf162\/files\/f5edf4b9-e278-52e2-66b2-acccd5c18314\/Article_LeSoirImmoSoHoNet_1_.pdf\" style=\"border-color:#ea5b3a;background-color:#ea5b3a\" target=\"_blank\" rel=\"noreferrer noopener\"><strong>Read more<\/strong><\/a><\/div>\n<\/div>\n<\/div>\n<\/div>\n\n\n\n<div class=\"wp-block-columns alignwide has-background-color has-text-color has-background has-link-color wp-elements-17 is-layout-flex wp-container-core-columns-is-layout-7da4030d wp-block-columns-is-layout-flex\" style=\"background-color:#ea5b3a;padding-right:var(--wp--preset--spacing--50);padding-left:var(--wp--preset--spacing--50)\">\n<div class=\"wp-block-column is-layout-flow wp-block-column-is-layout-flow\"><\/div>\n\n\n\n<div class=\"wp-block-column is-layout-flow wp-block-column-is-layout-flow\"><\/div>\n<\/div>\n\n\n\n<div style=\"height:39px\" aria-hidden=\"true\" class=\"wp-block-spacer\"><\/div>\n\n\n\n<div class=\"wp-block-columns is-layout-flex wp-container-core-columns-is-layout-48231474 wp-block-columns-is-layout-flex\" style=\"padding-right:var(--wp--preset--spacing--40);padding-left:var(--wp--preset--spacing--40)\">\n<div class=\"wp-block-column has-background-background-color has-background is-layout-flow wp-block-column-is-layout-flow\" style=\"padding-top:var(--wp--preset--spacing--50);padding-right:var(--wp--preset--spacing--30);padding-bottom:var(--wp--preset--spacing--50);padding-left:var(--wp--preset--spacing--30)\">\n<h2 class=\"wp-block-heading has-text-color has-link-color has-moderate-font-size wp-elements-18\" style=\"border-style:none;border-width:0px;border-top-left-radius:0px;border-top-right-radius:0px;border-bottom-left-radius:0px;border-bottom-right-radius:0px;color:#ea5b3a\"><a href=\"https:\/\/mcusercontent.com\/1f42eb95203d6da046cbbf162\/files\/fb44685c-60e6-f9fa-4cc6-7504453f9ed4\/Table_Ronde_Logements__LaLibre_Immo.pdf\" target=\"_blank\" rel=\"noreferrer noopener\">Table ronde \u2018Logement, quelles voies d\u2019acc\u00e8s\u2019 La Libre Immo<\/a> <\/h2>\n\n\n\n<p class=\"has-text-color has-link-color has-regular-font-size wp-elements-19 wp-block-paragraph\" style=\"color:#646363\">Article published in April 2025<\/p>\n\n\n\n<div class=\"wp-block-buttons is-layout-flex wp-block-buttons-is-layout-flex\">\n<div class=\"wp-block-button is-style-fill\"><a class=\"wp-block-button__link has-background-color has-text-color has-background has-link-color has-border-color wp-element-button\" href=\"https:\/\/mcusercontent.com\/1f42eb95203d6da046cbbf162\/files\/fb44685c-60e6-f9fa-4cc6-7504453f9ed4\/Table_Ronde_Logements__LaLibre_Immo.pdf\" style=\"border-color:#ea5b3a;background-color:#ea5b3a\" target=\"_blank\" rel=\"noreferrer noopener\"><strong>Read more<\/strong><\/a><\/div>\n<\/div>\n<\/div>\n\n\n\n<div class=\"wp-block-column has-background-background-color has-background is-layout-flow wp-block-column-is-layout-flow\" style=\"padding-top:var(--wp--preset--spacing--50);padding-right:var(--wp--preset--spacing--30);padding-bottom:var(--wp--preset--spacing--50);padding-left:var(--wp--preset--spacing--30)\">\n<h2 class=\"wp-block-heading has-text-color has-link-color has-moderate-font-size wp-elements-20\" style=\"border-style:none;border-width:0px;border-top-left-radius:0px;border-top-right-radius:0px;border-bottom-left-radius:0px;border-bottom-right-radius:0px;color:#ea5b3a\"><a href=\"https:\/\/mcusercontent.com\/1f42eb95203d6da046cbbf162\/files\/70308632-a08a-9780-9c4e-cb8cbba0f814\/20250123_ArticleVIF.pdf\" target=\"_blank\" rel=\"noreferrer noopener\">Article RTBF : Production de logement abordable \u00e0 Bruxelles : sans les primes Renolution, les op\u00e9rateurs sont d\u00e9munis <\/a><\/h2>\n\n\n\n<p class=\"has-text-color has-link-color has-regular-font-size wp-elements-21 wp-block-paragraph\" style=\"color:#646363\">Article published in February 2025<\/p>\n\n\n\n<div class=\"wp-block-buttons is-layout-flex wp-block-buttons-is-layout-flex\">\n<div class=\"wp-block-button is-style-fill\"><a class=\"wp-block-button__link has-background-color has-text-color has-background has-link-color has-border-color wp-element-button\" href=\"https:\/\/mcusercontent.com\/1f42eb95203d6da046cbbf162\/files\/70308632-a08a-9780-9c4e-cb8cbba0f814\/20250123_ArticleVIF.pdf\" style=\"border-color:#ea5b3a;background-color:#ea5b3a\" target=\"_blank\" rel=\"noreferrer noopener\"><strong>Read more<\/strong><\/a><\/div>\n<\/div>\n<\/div>\n\n\n\n<div class=\"wp-block-column has-background-background-color has-background is-layout-flow wp-block-column-is-layout-flow\" style=\"padding-top:var(--wp--preset--spacing--50);padding-right:var(--wp--preset--spacing--30);padding-bottom:var(--wp--preset--spacing--50);padding-left:var(--wp--preset--spacing--30)\">\n<h2 class=\"wp-block-heading has-text-color has-link-color has-moderate-font-size wp-elements-22\" style=\"border-style:none;border-width:0px;border-top-left-radius:0px;border-top-right-radius:0px;border-bottom-left-radius:0px;border-bottom-right-radius:0px;color:#ea5b3a\"><a href=\"https:\/\/mcusercontent.com\/1f42eb95203d6da046cbbf162\/files\/70308632-a08a-9780-9c4e-cb8cbba0f814\/20250123_ArticleVIF.pdf\" target=\"_blank\" rel=\"noreferrer noopener\">Article Le Vif \u2018De plus en plus de bureaux vides reconvertis en logements \u00e0 Bruxelles, mais tr\u00e8s peu de biens abordables sont construits\u2019<\/a><\/h2>\n\n\n\n<p class=\"has-text-color has-link-color has-regular-font-size wp-elements-23 wp-block-paragraph\" style=\"color:#646363\">Article published in January 2025<\/p>\n\n\n\n<div class=\"wp-block-buttons is-layout-flex wp-block-buttons-is-layout-flex\">\n<div class=\"wp-block-button is-style-fill\"><a class=\"wp-block-button__link has-background-color has-text-color has-background has-link-color has-border-color wp-element-button\" href=\"https:\/\/mcusercontent.com\/1f42eb95203d6da046cbbf162\/files\/70308632-a08a-9780-9c4e-cb8cbba0f814\/20250123_ArticleVIF.pdf\" style=\"border-color:#ea5b3a;background-color:#ea5b3a\" target=\"_blank\" rel=\"noreferrer noopener\"><strong>Read more<\/strong><\/a><\/div>\n<\/div>\n<\/div>\n<\/div>\n\n\n\n<div style=\"height:39px\" aria-hidden=\"true\" class=\"wp-block-spacer\"><\/div>\n\n\n\n<div class=\"wp-block-columns is-layout-flex wp-container-core-columns-is-layout-b98d9055 wp-block-columns-is-layout-flex\" style=\"padding-right:var(--wp--preset--spacing--40);padding-left:var(--wp--preset--spacing--40)\">\n<div class=\"wp-block-column has-background-background-color has-background is-layout-flow wp-block-column-is-layout-flow\" style=\"padding-top:var(--wp--preset--spacing--50);padding-right:var(--wp--preset--spacing--30);padding-bottom:var(--wp--preset--spacing--50);padding-left:var(--wp--preset--spacing--30)\">\n<h2 class=\"wp-block-heading has-text-color has-link-color has-moderate-font-size wp-elements-24\" style=\"border-style:none;border-width:0px;border-top-left-radius:0px;border-top-right-radius:0px;border-bottom-left-radius:0px;border-bottom-right-radius:0px;color:#ea5b3a\"><a href=\"https:\/\/sohonet.be\/wp-content\/uploads\/2024\/09\/20240905_CommuniquePresse.pdf\" target=\"_blank\" rel=\"noreferrer noopener\">Communiqu\u00e9 de presse SoHoNet Social R\u00e9no Deal<\/a> <\/h2>\n\n\n\n<p class=\"has-text-color has-link-color has-regular-font-size wp-elements-25 wp-block-paragraph\" style=\"color:#646363\">Article published in September 2024<\/p>\n\n\n\n<div class=\"wp-block-buttons is-layout-flex wp-block-buttons-is-layout-flex\">\n<div class=\"wp-block-button is-style-fill\"><a class=\"wp-block-button__link has-background-color has-text-color has-background has-link-color has-border-color wp-element-button\" href=\"https:\/\/sohonet.be\/wp-content\/uploads\/2024\/09\/20240905_CommuniquePresse.pdf\" style=\"border-color:#ea5b3a;background-color:#ea5b3a\" target=\"_blank\" rel=\"noreferrer noopener\"><strong>Read more<\/strong><\/a><\/div>\n<\/div>\n<\/div>\n\n\n\n<div class=\"wp-block-column has-background-background-color has-background is-layout-flow wp-block-column-is-layout-flow\" style=\"padding-top:var(--wp--preset--spacing--50);padding-right:var(--wp--preset--spacing--30);padding-bottom:var(--wp--preset--spacing--50);padding-left:var(--wp--preset--spacing--30)\">\n<h2 class=\"wp-block-heading has-text-color has-link-color has-moderate-font-size wp-elements-26\" style=\"border-style:none;border-width:0px;border-top-left-radius:0px;border-top-right-radius:0px;border-bottom-left-radius:0px;border-bottom-right-radius:0px;color:#ea5b3a\"><a href=\"https:\/\/sohonet.be\/wp-content\/uploads\/2024\/09\/La-Libre-IMMO.pdf\" target=\"_blank\" rel=\"noreferrer noopener\">Article La Libre Immo \u2018Les op\u00e9rateurs du logement \u00e0 vocation sociale d\u00e9plorent l\u2019arr\u00eat des primes Renolution (septembre 2024)<\/a><\/h2>\n\n\n\n<p class=\"has-text-color has-link-color has-regular-font-size wp-elements-27 wp-block-paragraph\" style=\"color:#646363\">Article published in September 2024<\/p>\n\n\n\n<div class=\"wp-block-buttons is-layout-flex wp-block-buttons-is-layout-flex\">\n<div class=\"wp-block-button is-style-fill\"><a class=\"wp-block-button__link has-background-color has-text-color has-background has-link-color has-border-color wp-element-button\" href=\"https:\/\/sohonet.be\/wp-content\/uploads\/2024\/09\/La-Libre-IMMO.pdf\" style=\"border-color:#ea5b3a;background-color:#ea5b3a\" target=\"_blank\" rel=\"noreferrer noopener\"><strong>Read more<\/strong><\/a><\/div>\n<\/div>\n<\/div>\n\n\n\n<div class=\"wp-block-column has-background-background-color has-background is-layout-flow wp-block-column-is-layout-flow\" style=\"padding-top:var(--wp--preset--spacing--50);padding-right:var(--wp--preset--spacing--30);padding-bottom:var(--wp--preset--spacing--50);padding-left:var(--wp--preset--spacing--30)\">\n<h2 class=\"wp-block-heading has-text-color has-link-color has-moderate-font-size wp-elements-28\" style=\"border-style:none;border-width:0px;border-top-left-radius:0px;border-top-right-radius:0px;border-bottom-left-radius:0px;border-bottom-right-radius:0px;color:#ea5b3a\"><a href=\"https:\/\/www.revue-democratie.be\/index.php?option=com_content&amp;view=article&amp;id=1678:un-housing-deal-pour-un-habitat-social-anti-spe-culatif-et-e-mancipateur&amp;catid=26&amp;Itemid=145\" target=\"_blank\" rel=\"noreferrer noopener\">Article D\u00e9mocratie \u2018Un Housing Deal, pour un habitat social, anti-sp\u00e9culatif et \u00e9mancipateur<\/a>&#8216;<\/h2>\n\n\n\n<p class=\"has-text-color has-link-color has-regular-font-size wp-elements-29 wp-block-paragraph\" style=\"color:#646363\">Article published in May 2024<\/p>\n\n\n\n<div class=\"wp-block-buttons is-layout-flex wp-block-buttons-is-layout-flex\">\n<div class=\"wp-block-button is-style-fill\"><a class=\"wp-block-button__link has-background-color has-text-color has-background has-link-color has-border-color wp-element-button\" href=\"https:\/\/www.revue-democratie.be\/index.php?option=com_content&amp;view=article&amp;id=1678:un-housing-deal-pour-un-habitat-social-anti-spe-culatif-et-e-mancipateur&amp;catid=26&amp;Itemid=145\" style=\"border-color:#ea5b3a;background-color:#ea5b3a\" target=\"_blank\" rel=\"noreferrer noopener\"><strong>Read more<\/strong><\/a><\/div>\n<\/div>\n<\/div>\n<\/div>\n\n\n\n<div style=\"height:40px\" aria-hidden=\"true\" class=\"wp-block-spacer\"><\/div>\n<\/div>\n\n\n\n<div class=\"wp-block-group alignfull has-background-background-color has-background is-layout-flow wp-block-group-is-layout-flow\">\n<div style=\"height:70px\" aria-hidden=\"true\" class=\"wp-block-spacer\"><\/div>\n\n\n\n<div class=\"wp-block-columns alignwide are-vertically-aligned-center is-layout-flex wp-container-core-columns-is-layout-930feb06 wp-block-columns-is-layout-flex\">\n<div class=\"wp-block-column is-layout-flow wp-block-column-is-layout-flow\" style=\"flex-basis:50%\">\n<p class=\"has-text-align-left has-text-color has-big-font-size wp-block-paragraph\" style=\"color:#ea5b3a;padding-right:var(--wp--preset--spacing--70);padding-left:var(--wp--preset--spacing--70);line-height:1.1\"><strong><strong>Newsletter<\/strong><\/strong><\/p>\n<\/div>\n\n\n\n<div class=\"wp-block-column is-layout-flow wp-block-column-is-layout-flow\" style=\"flex-basis:50%\">\n<hr class=\"wp-block-separator has-text-color has-css-opacity has-background is-style-wide\" style=\"background-color:#000000;color:#000000\"\/>\n<\/div>\n<\/div>\n\n\n\n<div class=\"wp-block-columns alignwide is-layout-flex wp-container-core-columns-is-layout-930feb06 wp-block-columns-is-layout-flex\">\n<div class=\"wp-block-column is-layout-flow wp-block-column-is-layout-flow\">\n<figure class=\"wp-block-image size-large\"><img alt=\"\" decoding=\"async\" width=\"1024\" height=\"683\" src=\"https:\/\/sohonet.be\/wp-content\/uploads\/2026\/05\/maxim-ilyahov-0aRycsfH57A-unsplash-1024x683.jpg\" alt=\"\" class=\"wp-image-2634\" style=\"aspect-ratio:1.4993385447985568\" srcset=\"https:\/\/sohonet.be\/wp-content\/uploads\/2026\/05\/maxim-ilyahov-0aRycsfH57A-unsplash-1024x683.jpg 1024w, https:\/\/sohonet.be\/wp-content\/uploads\/2026\/05\/maxim-ilyahov-0aRycsfH57A-unsplash-300x200.jpg 300w, https:\/\/sohonet.be\/wp-content\/uploads\/2026\/05\/maxim-ilyahov-0aRycsfH57A-unsplash-768x512.jpg 768w, https:\/\/sohonet.be\/wp-content\/uploads\/2026\/05\/maxim-ilyahov-0aRycsfH57A-unsplash-1536x1024.jpg 1536w, https:\/\/sohonet.be\/wp-content\/uploads\/2026\/05\/maxim-ilyahov-0aRycsfH57A-unsplash-2048x1365.jpg 2048w\" sizes=\"(max-width: 1024px) 100vw, 1024px\" \/><\/figure>\n<\/div>\n\n\n\n<div class=\"wp-block-column has-secondary-color has-text-color has-link-color wp-elements-30 is-layout-flow wp-block-column-is-layout-flow\" style=\"padding-right:var(--wp--preset--spacing--40);padding-left:var(--wp--preset--spacing--40)\">\n<p class=\"has-text-color has-link-color has-regular-font-size wp-elements-31 wp-block-paragraph\" style=\"color:#646363\"> <a href=\"https:\/\/mailchi.mp\/1b4b23a15b56\/sohonet-newsletter-dcembre-14176672?e=9008867c78\">March 2025<\/a><\/p>\n\n\n\n<p class=\"has-text-color has-link-color has-regular-font-size wp-elements-32 wp-block-paragraph\" style=\"color:#646363\"> <a href=\"https:\/\/mailchi.mp\/b2c38b097f42\/sohonet-newsletter-dcembre-14179552?e=9008867c78\">June 2025<\/a><\/p>\n\n\n\n<p class=\"has-text-color has-link-color has-regular-font-size wp-elements-33 wp-block-paragraph\" style=\"color:#646363\"> <a href=\"https:\/\/mailchi.mp\/a14a78577b26\/sohonet-newsletter-dcembre-14181237?e=%5bUNIQID%5d\">September 2025<\/a><\/p>\n\n\n\n<p class=\"has-text-color has-link-color has-regular-font-size wp-elements-34 wp-block-paragraph\" style=\"color:#646363\"> <a href=\"https:\/\/mailchi.mp\/1ea92aca62fc\/sohonet-newsletter-dcembre-14183205?e=9008867c78\">December 2025<\/a><\/p>\n<\/div>\n\n\n\n<div class=\"wp-block-column has-secondary-color has-text-color has-link-color wp-elements-35 is-layout-flow wp-block-column-is-layout-flow\" style=\"padding-right:var(--wp--preset--spacing--40);padding-left:var(--wp--preset--spacing--40)\">\n<p class=\"has-text-color has-link-color has-regular-font-size wp-elements-36 wp-block-paragraph\" style=\"color:#646363\"> <a href=\"https:\/\/mailchi.mp\/9619bd078b95\/sohonet-newsletter-dcembre-14184900?e=[UNIQID]\">Mars 2026<\/a><\/p>\n\n\n\n<p class=\"has-body-text-color has-text-color has-regular-font-size wp-block-paragraph\"><a href=\"https:\/\/mailchi.mp\/ce12e1739840\/sohonet-newsletter-dcembre-14187043?e=[UNIQID]\" data-type=\"link\" data-id=\"https:\/\/mailchi.mp\/ce12e1739840\/sohonet-newsletter-dcembre-14187043?e=[UNIQID]\">June 2026<\/a><\/p>\n\n\n\n<p class=\"has-text-color has-regular-font-size wp-block-paragraph\" style=\"color:#000000\"><\/p>\n\n\n\n<p class=\"has-text-color has-regular-font-size wp-block-paragraph\" style=\"color:#000000\"><\/p>\n<\/div>\n<\/div>\n\n\n\n<div style=\"height:40px\" aria-hidden=\"true\" class=\"wp-block-spacer\"><\/div>\n<\/div>\n\n\n\n<div class=\"wp-block-group alignfull has-background is-layout-flow wp-block-group-is-layout-flow\" style=\"background-color:#646363;padding-top:6vw;padding-right:6vw;padding-bottom:6vw;padding-left:6vw\">\n<div class=\"wp-block-group is-vertical is-nowrap is-layout-flex wp-container-core-group-is-layout-baa59eca wp-block-group-is-layout-flex\" style=\"padding-right:0;padding-left:0\">\n<h6 id=\"ecosystem\" class=\"wp-block-heading has-text-color\" style=\"color:#ea5b3a;font-size:16px\"><\/h6>\n\n\n\n<p class=\"has-background-color has-text-color has-big-font-size wp-block-paragraph\" id=\"evenements\" style=\"font-style:normal;font-weight:700;letter-spacing:0px;line-height:0.9;text-decoration:none;text-transform:none\"><strong>Our latest events<\/strong><\/p>\n<\/div>\n\n\n\n<div style=\"height:1vw\" aria-hidden=\"true\" class=\"wp-block-spacer\"><\/div>\n\n\n\n<div class=\"wp-block-group alignwide is-vertical is-nowrap is-layout-flex wp-container-core-group-is-layout-2abaf705 wp-block-group-is-layout-flex\" style=\"padding-top:0;padding-right:0;padding-bottom:0;padding-left:0\">\n<div class=\"wp-block-columns alignwide is-layout-flex wp-container-core-columns-is-layout-aace52bb wp-block-columns-is-layout-flex\">\n<div class=\"wp-block-column is-layout-flow wp-block-column-is-layout-flow\" style=\"flex-basis:50%\">\n<h4 class=\"wp-block-heading has-white-color has-text-color has-link-color has-medium-font-size wp-elements-37\"><strong>Looking Back at Our Housing Ap\u00e9ro at the Jette Convent Project (18\/05\/2026)<\/strong><\/h4>\n\n\n\n<p class=\"has-background-color has-text-color has-link-color has-regular-font-size wp-elements-38 wp-block-paragraph\">Our Annual General Meeting on 18 May was followed by a Housing Ap\u00e9ro, providing an opportunity to discover the project to transform the convent in Jette into affordable housing. <br><br>&#8211; Bie Vancraeynest (Toestand) presented the Mona project and explained her non-profit organisation&#8217;s work through temporary occupancy.<br><br>&#8211; Beno\u00eet Velge (Arcatim) discussed the technical, financial and heritage-related challenges involved in redeveloping the site.<br><br>&#8211; Alexis Picavet (SoHab) presented their solidarity-based real estate agency (AISOL) approach and the concept of &#8220;fair rent&#8221;.<\/p>\n<\/div>\n\n\n\n<div class=\"wp-block-column is-layout-flow wp-block-column-is-layout-flow\" style=\"flex-basis:50%\">\n<figure class=\"wp-block-image size-full is-resized\"><img alt=\"\" decoding=\"async\" width=\"2560\" height=\"1281\" src=\"https:\/\/sohonet.be\/wp-content\/uploads\/2026\/07\/Vue-aerienne-1-1-scaled.jpeg\" alt=\"\" class=\"wp-image-4346\" style=\"object-fit:cover;object-position:57% 46%;width:500px;height:500px\" srcset=\"https:\/\/sohonet.be\/wp-content\/uploads\/2026\/07\/Vue-aerienne-1-1-scaled.jpeg 2560w, https:\/\/sohonet.be\/wp-content\/uploads\/2026\/07\/Vue-aerienne-1-1-300x150.jpeg 300w, https:\/\/sohonet.be\/wp-content\/uploads\/2026\/07\/Vue-aerienne-1-1-1024x512.jpeg 1024w, https:\/\/sohonet.be\/wp-content\/uploads\/2026\/07\/Vue-aerienne-1-1-768x384.jpeg 768w, https:\/\/sohonet.be\/wp-content\/uploads\/2026\/07\/Vue-aerienne-1-1-1536x768.jpeg 1536w, https:\/\/sohonet.be\/wp-content\/uploads\/2026\/07\/Vue-aerienne-1-1-2048x1025.jpeg 2048w\" sizes=\"(max-width: 2560px) 100vw, 2560px\" \/><\/figure>\n<\/div>\n<\/div>\n\n\n\n<p class=\"has-white-color has-text-color has-link-color wp-elements-39 wp-block-paragraph\">The evening concluded with a friendly networking drink, giving participants the opportunity to meet one another and exchange ideas on the levers for transforming these unique buildings into a mixed-use project that includes socially oriented housing. <\/p>\n<\/div>\n\n\n\n<div style=\"height:1vw\" aria-hidden=\"true\" class=\"wp-block-spacer\"><\/div>\n\n\n\n<div class=\"wp-block-columns alignwide is-layout-flex wp-container-core-columns-is-layout-51c00bc0 wp-block-columns-is-layout-flex\">\n<div class=\"wp-block-column is-vertically-aligned-center is-layout-flow wp-block-column-is-layout-flow\" style=\"flex-basis:33%\">\n<p class=\"has-white-color has-text-color has-medium-font-size wp-block-paragraph\" style=\"line-height:1.5\"><strong>Highlights from the workshop: support and partnerships between social rental agencies and housing operators (09\/12\/2025)<\/strong><\/p>\n\n\n\n<p class=\"has-background-color has-text-color has-link-color wp-elements-40 wp-block-paragraph\">In December, SoHoNet brought together non-profit organizations, social rental agencies, and housing operators to discuss resident support for vulnerable groups and partnerships between social services and housing managers. Drawing on feedback from the Bara, Village Sainte-Anne, and Maison Deleuze projects, discussions highlighted the importance of building partnerships between stakeholders from the earliest project design stages. Panel participants also stressed the need to secure long-term funding for resident support, a key condition for the success of these models. particularly in a context where achieving financial viability for affordable housing projects is becoming increasingly challenging.    <\/p>\n<\/div>\n\n\n\n<div class=\"wp-block-column is-layout-flow wp-block-column-is-layout-flow\" style=\"flex-basis:69%\">\n<figure class=\"wp-block-image size-large is-resized\"><img alt=\"\" loading=\"lazy\" decoding=\"async\" width=\"1024\" height=\"903\" src=\"https:\/\/sohonet.be\/wp-content\/uploads\/2026\/04\/20251209_Panel-e1777564697817-1024x903.jpg\" alt=\"\" class=\"wp-image-2587\" style=\"aspect-ratio:1.134006734006734;width:805px;height:auto\" srcset=\"https:\/\/sohonet.be\/wp-content\/uploads\/2026\/04\/20251209_Panel-e1777564697817-1024x903.jpg 1024w, https:\/\/sohonet.be\/wp-content\/uploads\/2026\/04\/20251209_Panel-e1777564697817-300x265.jpg 300w, https:\/\/sohonet.be\/wp-content\/uploads\/2026\/04\/20251209_Panel-e1777564697817-768x677.jpg 768w, https:\/\/sohonet.be\/wp-content\/uploads\/2026\/04\/20251209_Panel-e1777564697817.jpg 1497w\" sizes=\"(max-width: 1024px) 100vw, 1024px\" \/><\/figure>\n<\/div>\n<\/div>\n\n\n\n<p class=\"has-background-color has-text-color has-link-color wp-elements-41 wp-block-paragraph\"><\/p>\n\n\n\n<p class=\"has-background-color has-text-color has-link-color wp-elements-42 wp-block-paragraph\">The Housing Deal was identified as a promising pathway to integrate these issues into project development and strengthen collaboration dynamics among stakeholders. As several speakers noted during the morning, participation in SoHoNet events represents a first step in this direction.  <\/p>\n<\/div>\n\n\n\n<div class=\"wp-block-group alignfull has-background-background-color has-background is-layout-flow wp-block-group-is-layout-flow\" style=\"padding-top:6vw;padding-right:6vw;padding-bottom:6vw;padding-left:6vw\">\n<div class=\"wp-block-group is-vertical is-nowrap is-layout-flex wp-container-core-group-is-layout-baa59eca wp-block-group-is-layout-flex\" style=\"padding-right:0;padding-left:0\">\n<h6 id=\"ecosystem\" class=\"wp-block-heading has-text-color\" style=\"color:#ea5b3a;font-size:16px\"><\/h6>\n\n\n\n<p class=\"has-text-color has-big-font-size wp-block-paragraph\" style=\"color:#646363;font-style:normal;font-weight:700;letter-spacing:0px;line-height:0.9;text-decoration:none;text-transform:none\"><strong><strong>Our housing webinars <\/strong><\/strong><\/p>\n<\/div>\n\n\n\n<div style=\"height:1vw\" aria-hidden=\"true\" class=\"wp-block-spacer\"><\/div>\n\n\n\n<div class=\"wp-block-group alignwide is-vertical is-nowrap is-layout-flex wp-container-core-group-is-layout-2abaf705 wp-block-group-is-layout-flex\" style=\"padding-top:0;padding-right:0;padding-bottom:0;padding-left:0\">\n<div class=\"wp-block-columns alignwide is-layout-flex wp-container-core-columns-is-layout-aace52bb wp-block-columns-is-layout-flex\">\n<div class=\"wp-block-column is-layout-flow wp-block-column-is-layout-flow\" style=\"flex-basis:50%\">\n<h4 class=\"wp-block-heading has-text-color has-link-color has-medium-font-size wp-elements-43\" style=\"color:#ea5b3a\"><strong>Review of our webinar<\/strong> &#8221; <strong>Affordable housing production: current situation and future prospects\u201d (02\/07\/26).<br><\/strong><\/h4>\n\n\n\n<p class=\"has-text-color has-link-color has-regular-font-size wp-elements-44 wp-block-paragraph\" style=\"color:#646363\">Last July, Housing Webinar #24 focused on the challenges related to the production of public and affordable housing. In the first part, Yves Van de Casteele (Brussels Housing Officer for the Brussels-Capital Region) presented the 8th Housing Monitoring Report in detail. Boris Feron (Housing Adviser to the Office of Secretary of State Karine Lalieux) then examined the challenges, both in terms of spatial considerations and housing production.<\/p>\n<\/div>\n\n\n\n<div class=\"wp-block-column is-layout-flow wp-block-column-is-layout-flow\" style=\"flex-basis:50%\">\n<figure class=\"wp-block-embed aligncenter is-type-video is-provider-youtube wp-block-embed-youtube wp-embed-aspect-16-9 wp-has-aspect-ratio\"><div class=\"wp-block-embed__wrapper\">\n<iframe title=\"Production de logements \u00e0 finalit\u00e9 sociale : \u00c9tat des lieux et perspectives pour l&amp;apos;avenir #24\" width=\"500\" height=\"281\" src=\"https:\/\/www.youtube.com\/embed\/G7g0gUqYnvA?feature=oembed\" frameborder=\"0\" allow=\"accelerometer; autoplay; clipboard-write; encrypted-media; gyroscope; picture-in-picture; web-share\" referrerpolicy=\"strict-origin-when-cross-origin\" allowfullscreen><\/iframe>\n<\/div><\/figure>\n<\/div>\n<\/div>\n<\/div>\n<\/div>\n\n\n\n<div class=\"wp-block-group alignfull has-background-background-color has-background is-layout-flow wp-block-group-is-layout-flow\" style=\"padding-top:6vw;padding-right:6vw;padding-bottom:6vw;padding-left:6vw\">\n<div class=\"wp-block-group is-vertical is-nowrap is-layout-flex wp-container-core-group-is-layout-baa59eca wp-block-group-is-layout-flex\" style=\"padding-right:0;padding-left:0\">\n<h6 id=\"ecosystem\" class=\"wp-block-heading has-text-color\" style=\"color:#ea5b3a;font-size:16px\"><\/h6>\n\n\n\n<p class=\"has-text-color has-big-font-size wp-block-paragraph\" style=\"color:#646363;font-style:normal;font-weight:700;letter-spacing:0px;line-height:0.9;text-decoration:none;text-transform:none\"><strong><strong>Agenda<\/strong><\/strong><\/p>\n<\/div>\n\n\n\n<div style=\"height:1vw\" aria-hidden=\"true\" class=\"wp-block-spacer\"><\/div>\n\n\n\n<div class=\"wp-block-group alignwide is-vertical is-nowrap is-layout-flex wp-container-core-group-is-layout-2abaf705 wp-block-group-is-layout-flex\" style=\"padding-top:0;padding-right:0;padding-bottom:0;padding-left:0\">\n<div class=\"wp-block-columns alignwide is-layout-flex wp-container-core-columns-is-layout-aace52bb wp-block-columns-is-layout-flex\">\n<div class=\"wp-block-column is-layout-flow wp-block-column-is-layout-flow\" style=\"flex-basis:100%\">\n<p class=\"has-text-color has-link-color wp-elements-45 wp-block-paragraph\" style=\"color:#646363\">\/<\/p>\n\n\n\n<div class=\"wp-block-buttons is-layout-flex wp-block-buttons-is-layout-flex\">\n<div class=\"wp-block-button\"><a class=\"wp-block-button__link has-background wp-element-button\" href=\"https:\/\/sohonet.us17.list-manage.com\/subscribe?u=1f42eb95203d6da046cbbf162&amp;id=18564ca391\" style=\"background-color:#ea5b3a\" target=\"_blank\" rel=\"noreferrer noopener\"><strong>Stay tuned<\/strong><\/a><\/div>\n<\/div>\n<\/div>\n<\/div>\n<\/div>\n<\/div>\n\n\n\n<div style=\"height:32px\" aria-hidden=\"true\" class=\"wp-block-spacer\"><\/div>\n\n\n\n<p class=\"wp-block-paragraph\"><\/p>\n","protected":false},"excerpt":{"rendered":"<p>Publications SoHoNet Des aides publiques \u00e0 la hauteur des enjeux de r\u00e9novation \u00e0 Bruxelles (March 2026) Note de cadrage Social _Reno_Deal (June 2024) M\u00e9morandum(Edition 2024) \u00c9tude Housing Deal (2022-2023) Pr\u00e9sentation Housing Deal (2021) Carte blanche : Encadrement de la croissance des AIS \u00e0 Bruxelles (2020) Portfolio des acteurs bruxellois du logement (Edition 2019) M\u00e9morandum (Edition [&hellip;]<\/p>\n","protected":false},"author":3,"featured_media":0,"parent":0,"menu_order":0,"comment_status":"closed","ping_status":"closed","template":"","meta":{"_seopress_titles_title":"","_seopress_titles_desc":"","_seopress_robots_index":"","_seopress_robots_follow":"","_seopress_robots_imageindex":"","_seopress_robots_snippet":"","_seopress_robots_primary_cat":"","_seopress_robots_breadcrumbs":"","_seopress_robots_freeze_modified_date":"","_seopress_robots_custom_modified_date":"","_seopress_robots_canonical":"","_seopress_social_fb_title":"","_seopress_social_fb_desc":"","_seopress_social_fb_img":"","_seopress_social_fb_img_attachment_id":0,"_seopress_social_fb_img_width":0,"_seopress_social_fb_img_height":0,"_seopress_social_twitter_title":"","_seopress_social_twitter_desc":"","_seopress_social_twitter_img":"","_seopress_social_twitter_img_attachment_id":0,"_seopress_social_twitter_img_width":0,"_seopress_social_twitter_img_height":0,"_seopress_redirections_value":"","_seopress_redirections_enabled":"","_seopress_redirections_enabled_regex":"","_seopress_redirections_logged_status":"","_seopress_redirections_param":"","_seopress_redirections_type":0,"_seopress_analysis_target_kw":"","footnotes":""},"class_list":["post-1740","page","type-page","status-publish","hentry"],"_links":{"self":[{"href":"https:\/\/sohonet.be\/en\/wp-json\/wp\/v2\/pages\/1740","targetHints":{"allow":["GET"]}}],"collection":[{"href":"https:\/\/sohonet.be\/en\/wp-json\/wp\/v2\/pages"}],"about":[{"href":"https:\/\/sohonet.be\/en\/wp-json\/wp\/v2\/types\/page"}],"author":[{"embeddable":true,"href":"https:\/\/sohonet.be\/en\/wp-json\/wp\/v2\/users\/3"}],"replies":[{"embeddable":true,"href":"https:\/\/sohonet.be\/en\/wp-json\/wp\/v2\/comments?post=1740"}],"version-history":[{"count":48,"href":"https:\/\/sohonet.be\/en\/wp-json\/wp\/v2\/pages\/1740\/revisions"}],"predecessor-version":[{"id":4514,"href":"https:\/\/sohonet.be\/en\/wp-json\/wp\/v2\/pages\/1740\/revisions\/4514"}],"wp:attachment":[{"href":"https:\/\/sohonet.be\/en\/wp-json\/wp\/v2\/media?parent=1740"}],"curies":[{"name":"wp","href":"https:\/\/api.w.org\/{rel}","templated":true}]}}